{"id":1243,"date":"2018-09-18T15:09:14","date_gmt":"2018-09-18T13:09:14","guid":{"rendered":"https:\/\/www.grupotd.es\/productos\/sofas\/"},"modified":"2024-04-29T13:32:42","modified_gmt":"2024-04-29T11:32:42","slug":"canapes","status":"publish","type":"page","link":"https:\/\/www.grupotd.es\/fr\/produits\/canapes\/","title":{"rendered":"Canap\u00e9s"},"content":{"rendered":"\t\t<div data-elementor-type=\"wp-page\" data-elementor-id=\"1243\" class=\"elementor elementor-1243 elementor-698\" data-elementor-settings=\"{&quot;ha_cmc_init_switcher&quot;:&quot;no&quot;}\" data-elementor-post-type=\"page\">\n\t\t\t\t\t\t<section class=\"elementor-section elementor-top-section elementor-element elementor-element-579a589 elementor-section-boxed elementor-section-height-default elementor-section-height-default\" data-id=\"579a589\" data-element_type=\"section\">\n\t\t\t\t\t\t<div class=\"elementor-container elementor-column-gap-default\">\n\t\t\t\t\t<div class=\"elementor-column elementor-col-100 elementor-top-column elementor-element elementor-element-3fea29fb\" data-id=\"3fea29fb\" data-element_type=\"column\">\n\t\t\t<div class=\"elementor-widget-wrap elementor-element-populated\">\n\t\t\t\t\t\t<div class=\"elementor-element elementor-element-264fc708 elementor-widget elementor-widget-heading\" data-id=\"264fc708\" data-element_type=\"widget\" data-widget_type=\"heading.default\">\n\t\t\t\t<div class=\"elementor-widget-container\">\n\t\t\t\t\t<h1 class=\"elementor-heading-title elementor-size-default\">CANAP\u00c9S, BANCS, CANAP\u00c9S-LITS, CHAISE LONGUES, M\u00c9RIDIENNES<\/h1>\t\t\t\t<\/div>\n\t\t\t\t<\/div>\n\t\t\t\t<div class=\"elementor-element elementor-element-2939687d elementor-grid-3 elementor-grid-tablet-2 elementor-grid-mobile-1 elementor-widget elementor-widget-loop-grid\" data-id=\"2939687d\" data-element_type=\"widget\" data-settings=\"{&quot;template_id&quot;:49231,&quot;pagination_type&quot;:&quot;load_more_infinite_scroll&quot;,&quot;_skin&quot;:&quot;post&quot;,&quot;columns&quot;:&quot;3&quot;,&quot;columns_tablet&quot;:&quot;2&quot;,&quot;columns_mobile&quot;:&quot;1&quot;,&quot;edit_handle_selector&quot;:&quot;[data-elementor-type=\\&quot;loop-item\\&quot;]&quot;,&quot;load_more_spinner&quot;:{&quot;value&quot;:&quot;fas fa-spinner&quot;,&quot;library&quot;:&quot;fa-solid&quot;},&quot;row_gap&quot;:{&quot;unit&quot;:&quot;px&quot;,&quot;size&quot;:&quot;&quot;,&quot;sizes&quot;:[]},&quot;row_gap_tablet&quot;:{&quot;unit&quot;:&quot;px&quot;,&quot;size&quot;:&quot;&quot;,&quot;sizes&quot;:[]},&quot;row_gap_mobile&quot;:{&quot;unit&quot;:&quot;px&quot;,&quot;size&quot;:&quot;&quot;,&quot;sizes&quot;:[]}}\" data-widget_type=\"loop-grid.post\">\n\t\t\t\t<div class=\"elementor-widget-container\">\n\t\t\t\t\t\t\t<div class=\"elementor-loop-container elementor-grid\" role=\"list\">\n\t\t<style id=\"loop-49231\">.elementor-widget-theme-post-featured-image .widget-image-caption{color:var( --e-global-color-text );font-family:var( --e-global-typography-text-font-family ), Sans-serif;font-weight:var( --e-global-typography-text-font-weight );}.elementor-49231 .elementor-element.elementor-element-c2e646f img{height:270px;object-fit:contain;object-position:center center;}.elementor-widget-theme-post-title .elementor-heading-title{font-family:var( --e-global-typography-primary-font-family ), Sans-serif;font-weight:var( --e-global-typography-primary-font-weight );color:var( --e-global-color-primary );}.elementor-49231 .elementor-element.elementor-element-66954ee{text-align:center;}.elementor-49231 .elementor-element.elementor-element-66954ee .elementor-heading-title{font-family:\"Montserrat\", Sans-serif;font-size:15px;font-weight:200;text-transform:uppercase;color:var( --e-global-color-secondary );}.elementor-widget-heading .elementor-heading-title{font-family:var( --e-global-typography-primary-font-family ), Sans-serif;font-weight:var( --e-global-typography-primary-font-weight );color:var( --e-global-color-primary );}.elementor-49231 .elementor-element.elementor-element-692aa6d{text-align:center;}.elementor-49231 .elementor-element.elementor-element-692aa6d .elementor-heading-title{font-family:\"Montserrat\", Sans-serif;font-size:15px;font-weight:300;}<\/style>\t\t<div data-elementor-type=\"loop-item\" data-elementor-id=\"49231\" class=\"elementor elementor-49231 e-loop-item e-loop-item-2702 post-2702 muebles type-muebles status-publish has-post-thumbnail hentry category-sofas-fr\" data-elementor-settings=\"{&quot;ha_cmc_init_switcher&quot;:&quot;no&quot;}\" data-elementor-post-type=\"elementor_library\" data-custom-edit-handle=\"1\">\n\t\t\t\t\t<section class=\"elementor-section elementor-top-section elementor-element elementor-element-6b8f2aa elementor-section-boxed elementor-section-height-default elementor-section-height-default\" data-id=\"6b8f2aa\" data-element_type=\"section\">\n\t\t\t\t\t\t<div class=\"elementor-container elementor-column-gap-default\">\n\t\t\t\t\t<div class=\"elementor-column elementor-col-100 elementor-top-column elementor-element elementor-element-66f3b36\" data-id=\"66f3b36\" data-element_type=\"column\">\n\t\t\t<div class=\"elementor-widget-wrap elementor-element-populated\">\n\t\t\t\t\t\t<div class=\"elementor-element elementor-element-c2e646f elementor-widget elementor-widget-theme-post-featured-image elementor-widget-image\" data-id=\"c2e646f\" data-element_type=\"widget\" data-widget_type=\"theme-post-featured-image.default\">\n\t\t\t\t<div class=\"elementor-widget-container\">\n\t\t\t\t\t\t\t\t\t\t\t\t\t\t\t\t<a href=\"https:\/\/www.grupotd.es\/fr\/les-meubles\/banco-creta\/\">\n\t\t\t\t\t\t\t<img  title=\"CANAP\u00c9 C\u00c1DIZ - Tapizados Do\u00f1ana\" fetchpriority=\"high\" decoding=\"async\" width=\"2560\" height=\"1707\" src=\"https:\/\/www.grupotd.es\/wp-content\/uploads\/2018\/11\/Banco-Creta-scaled.jpg\" class=\"attachment-full size-full wp-image-48755\"  alt=\"CANAP\u00c9 C\u00c1DIZ - Tapizados Do\u00f1ana\"  srcset=\"https:\/\/www.grupotd.es\/wp-content\/uploads\/2018\/11\/Banco-Creta-scaled.jpg 2560w, https:\/\/www.grupotd.es\/wp-content\/uploads\/2018\/11\/Banco-Creta-300x200.jpg 300w, https:\/\/www.grupotd.es\/wp-content\/uploads\/2018\/11\/Banco-Creta-1024x683.jpg 1024w, https:\/\/www.grupotd.es\/wp-content\/uploads\/2018\/11\/Banco-Creta-768x512.jpg 768w, https:\/\/www.grupotd.es\/wp-content\/uploads\/2018\/11\/Banco-Creta-1536x1024.jpg 1536w, https:\/\/www.grupotd.es\/wp-content\/uploads\/2018\/11\/Banco-Creta-2048x1365.jpg 2048w\" sizes=\"(max-width: 2560px) 100vw, 2560px\" \/>\t\t\t\t\t\t\t\t<\/a>\n\t\t\t\t\t\t\t\t\t\t\t\t\t\t\t<\/div>\n\t\t\t\t<\/div>\n\t\t\t\t<div class=\"elementor-element elementor-element-66954ee elementor-widget elementor-widget-theme-post-title elementor-page-title elementor-widget-heading\" data-id=\"66954ee\" data-element_type=\"widget\" data-widget_type=\"theme-post-title.default\">\n\t\t\t\t<div class=\"elementor-widget-container\">\n\t\t\t\t\t<div class=\"elementor-heading-title elementor-size-default\"><a href=\"https:\/\/www.grupotd.es\/fr\/les-meubles\/banco-creta\/\">BANC CRETA<\/a><\/div>\t\t\t\t<\/div>\n\t\t\t\t<\/div>\n\t\t<!-- dce invisible element 692aa6d -->\t\t\t<\/div>\n\t\t<\/div>\n\t\t\t\t\t<\/div>\n\t\t<\/section>\n\t\t\t\t<\/div>\n\t\t\t\t<div data-elementor-type=\"loop-item\" data-elementor-id=\"49231\" class=\"elementor elementor-49231 e-loop-item e-loop-item-3647 post-3647 muebles type-muebles status-publish has-post-thumbnail hentry category-sofas-fr\" data-elementor-settings=\"{&quot;ha_cmc_init_switcher&quot;:&quot;no&quot;}\" data-elementor-post-type=\"elementor_library\" data-custom-edit-handle=\"1\">\n\t\t\t\t\t<section class=\"elementor-section elementor-top-section elementor-element elementor-element-6b8f2aa elementor-section-boxed elementor-section-height-default elementor-section-height-default\" data-id=\"6b8f2aa\" data-element_type=\"section\">\n\t\t\t\t\t\t<div class=\"elementor-container elementor-column-gap-default\">\n\t\t\t\t\t<div class=\"elementor-column elementor-col-100 elementor-top-column elementor-element elementor-element-66f3b36\" data-id=\"66f3b36\" data-element_type=\"column\">\n\t\t\t<div class=\"elementor-widget-wrap elementor-element-populated\">\n\t\t\t\t\t\t<div class=\"elementor-element elementor-element-c2e646f elementor-widget elementor-widget-theme-post-featured-image elementor-widget-image\" data-id=\"c2e646f\" data-element_type=\"widget\" data-widget_type=\"theme-post-featured-image.default\">\n\t\t\t\t<div class=\"elementor-widget-container\">\n\t\t\t\t\t\t\t\t\t\t\t\t\t\t\t\t<a href=\"https:\/\/www.grupotd.es\/fr\/les-meubles\/banco-davinci\/\">\n\t\t\t\t\t\t\t<img  title=\"CANAP\u00c9 C\u00c1DIZ - Tapizados Do\u00f1ana\" decoding=\"async\" width=\"2560\" height=\"1640\" src=\"https:\/\/www.grupotd.es\/wp-content\/uploads\/2018\/11\/Banco-Davinci-scaled.jpg\" class=\"attachment-full size-full wp-image-48759\"  alt=\"CANAP\u00c9 C\u00c1DIZ - Tapizados Do\u00f1ana\"  srcset=\"https:\/\/www.grupotd.es\/wp-content\/uploads\/2018\/11\/Banco-Davinci-scaled.jpg 2560w, https:\/\/www.grupotd.es\/wp-content\/uploads\/2018\/11\/Banco-Davinci-300x192.jpg 300w, https:\/\/www.grupotd.es\/wp-content\/uploads\/2018\/11\/Banco-Davinci-1024x656.jpg 1024w, https:\/\/www.grupotd.es\/wp-content\/uploads\/2018\/11\/Banco-Davinci-768x492.jpg 768w, https:\/\/www.grupotd.es\/wp-content\/uploads\/2018\/11\/Banco-Davinci-1536x984.jpg 1536w, https:\/\/www.grupotd.es\/wp-content\/uploads\/2018\/11\/Banco-Davinci-2048x1312.jpg 2048w\" sizes=\"(max-width: 2560px) 100vw, 2560px\" \/>\t\t\t\t\t\t\t\t<\/a>\n\t\t\t\t\t\t\t\t\t\t\t\t\t\t\t<\/div>\n\t\t\t\t<\/div>\n\t\t\t\t<div class=\"elementor-element elementor-element-66954ee elementor-widget elementor-widget-theme-post-title elementor-page-title elementor-widget-heading\" data-id=\"66954ee\" data-element_type=\"widget\" data-widget_type=\"theme-post-title.default\">\n\t\t\t\t<div class=\"elementor-widget-container\">\n\t\t\t\t\t<div class=\"elementor-heading-title elementor-size-default\"><a href=\"https:\/\/www.grupotd.es\/fr\/les-meubles\/banco-davinci\/\">BANC DAVINCI<\/a><\/div>\t\t\t\t<\/div>\n\t\t\t\t<\/div>\n\t\t<!-- dce invisible element 692aa6d -->\t\t\t<\/div>\n\t\t<\/div>\n\t\t\t\t\t<\/div>\n\t\t<\/section>\n\t\t\t\t<\/div>\n\t\t\t\t<div data-elementor-type=\"loop-item\" data-elementor-id=\"49231\" class=\"elementor elementor-49231 e-loop-item e-loop-item-3658 post-3658 muebles type-muebles status-publish has-post-thumbnail hentry category-sofas-fr\" data-elementor-settings=\"{&quot;ha_cmc_init_switcher&quot;:&quot;no&quot;}\" data-elementor-post-type=\"elementor_library\" data-custom-edit-handle=\"1\">\n\t\t\t\t\t<section class=\"elementor-section elementor-top-section elementor-element elementor-element-6b8f2aa elementor-section-boxed elementor-section-height-default elementor-section-height-default\" data-id=\"6b8f2aa\" data-element_type=\"section\">\n\t\t\t\t\t\t<div class=\"elementor-container elementor-column-gap-default\">\n\t\t\t\t\t<div class=\"elementor-column elementor-col-100 elementor-top-column elementor-element elementor-element-66f3b36\" data-id=\"66f3b36\" data-element_type=\"column\">\n\t\t\t<div class=\"elementor-widget-wrap elementor-element-populated\">\n\t\t\t\t\t\t<div class=\"elementor-element elementor-element-c2e646f elementor-widget elementor-widget-theme-post-featured-image elementor-widget-image\" data-id=\"c2e646f\" data-element_type=\"widget\" data-widget_type=\"theme-post-featured-image.default\">\n\t\t\t\t<div class=\"elementor-widget-container\">\n\t\t\t\t\t\t\t\t\t\t\t\t\t\t\t\t<a href=\"https:\/\/www.grupotd.es\/fr\/les-meubles\/banco-howard\/\">\n\t\t\t\t\t\t\t<img  title=\"CANAP\u00c9 C\u00c1DIZ - Tapizados Do\u00f1ana\" decoding=\"async\" width=\"2560\" height=\"1628\" src=\"https:\/\/www.grupotd.es\/wp-content\/uploads\/2018\/11\/Banco-Howard-scaled.jpg\" class=\"attachment-full size-full wp-image-48762\"  alt=\"CANAP\u00c9 C\u00c1DIZ - Tapizados Do\u00f1ana\"  srcset=\"https:\/\/www.grupotd.es\/wp-content\/uploads\/2018\/11\/Banco-Howard-scaled.jpg 2560w, https:\/\/www.grupotd.es\/wp-content\/uploads\/2018\/11\/Banco-Howard-300x191.jpg 300w, https:\/\/www.grupotd.es\/wp-content\/uploads\/2018\/11\/Banco-Howard-1024x651.jpg 1024w, https:\/\/www.grupotd.es\/wp-content\/uploads\/2018\/11\/Banco-Howard-768x488.jpg 768w, https:\/\/www.grupotd.es\/wp-content\/uploads\/2018\/11\/Banco-Howard-1536x977.jpg 1536w, https:\/\/www.grupotd.es\/wp-content\/uploads\/2018\/11\/Banco-Howard-2048x1302.jpg 2048w\" sizes=\"(max-width: 2560px) 100vw, 2560px\" \/>\t\t\t\t\t\t\t\t<\/a>\n\t\t\t\t\t\t\t\t\t\t\t\t\t\t\t<\/div>\n\t\t\t\t<\/div>\n\t\t\t\t<div class=\"elementor-element elementor-element-66954ee elementor-widget elementor-widget-theme-post-title elementor-page-title elementor-widget-heading\" data-id=\"66954ee\" data-element_type=\"widget\" data-widget_type=\"theme-post-title.default\">\n\t\t\t\t<div class=\"elementor-widget-container\">\n\t\t\t\t\t<div class=\"elementor-heading-title elementor-size-default\"><a href=\"https:\/\/www.grupotd.es\/fr\/les-meubles\/banco-howard\/\">BANC HOWARD<\/a><\/div>\t\t\t\t<\/div>\n\t\t\t\t<\/div>\n\t\t<!-- dce invisible element 692aa6d -->\t\t\t<\/div>\n\t\t<\/div>\n\t\t\t\t\t<\/div>\n\t\t<\/section>\n\t\t\t\t<\/div>\n\t\t\t\t<div data-elementor-type=\"loop-item\" data-elementor-id=\"49231\" class=\"elementor elementor-49231 e-loop-item e-loop-item-39182 post-39182 muebles type-muebles status-publish has-post-thumbnail hentry category-sofas-fr\" data-elementor-settings=\"{&quot;ha_cmc_init_switcher&quot;:&quot;no&quot;}\" data-elementor-post-type=\"elementor_library\" data-custom-edit-handle=\"1\">\n\t\t\t\t\t<section class=\"elementor-section elementor-top-section elementor-element elementor-element-6b8f2aa elementor-section-boxed elementor-section-height-default elementor-section-height-default\" data-id=\"6b8f2aa\" data-element_type=\"section\">\n\t\t\t\t\t\t<div class=\"elementor-container elementor-column-gap-default\">\n\t\t\t\t\t<div class=\"elementor-column elementor-col-100 elementor-top-column elementor-element elementor-element-66f3b36\" data-id=\"66f3b36\" data-element_type=\"column\">\n\t\t\t<div class=\"elementor-widget-wrap elementor-element-populated\">\n\t\t\t\t\t\t<div class=\"elementor-element elementor-element-c2e646f elementor-widget elementor-widget-theme-post-featured-image elementor-widget-image\" data-id=\"c2e646f\" data-element_type=\"widget\" data-widget_type=\"theme-post-featured-image.default\">\n\t\t\t\t<div class=\"elementor-widget-container\">\n\t\t\t\t\t\t\t\t\t\t\t\t\t\t\t\t<a href=\"https:\/\/www.grupotd.es\/fr\/les-meubles\/banc-lisboa\/\">\n\t\t\t\t\t\t\t<img  title=\"CANAP\u00c9 C\u00c1DIZ - Tapizados Do\u00f1ana\" loading=\"lazy\" decoding=\"async\" width=\"2560\" height=\"1920\" src=\"https:\/\/www.grupotd.es\/wp-content\/uploads\/2023\/03\/Banco-Lisboa-scaled.jpg\" class=\"attachment-full size-full wp-image-48766\"  alt=\"CANAP\u00c9 C\u00c1DIZ - Tapizados Do\u00f1ana\"  srcset=\"https:\/\/www.grupotd.es\/wp-content\/uploads\/2023\/03\/Banco-Lisboa-scaled.jpg 2560w, https:\/\/www.grupotd.es\/wp-content\/uploads\/2023\/03\/Banco-Lisboa-300x225.jpg 300w, https:\/\/www.grupotd.es\/wp-content\/uploads\/2023\/03\/Banco-Lisboa-1024x768.jpg 1024w, https:\/\/www.grupotd.es\/wp-content\/uploads\/2023\/03\/Banco-Lisboa-768x576.jpg 768w, https:\/\/www.grupotd.es\/wp-content\/uploads\/2023\/03\/Banco-Lisboa-1536x1152.jpg 1536w, https:\/\/www.grupotd.es\/wp-content\/uploads\/2023\/03\/Banco-Lisboa-2048x1536.jpg 2048w\" sizes=\"(max-width: 2560px) 100vw, 2560px\" \/>\t\t\t\t\t\t\t\t<\/a>\n\t\t\t\t\t\t\t\t\t\t\t\t\t\t\t<\/div>\n\t\t\t\t<\/div>\n\t\t\t\t<div class=\"elementor-element elementor-element-66954ee elementor-widget elementor-widget-theme-post-title elementor-page-title elementor-widget-heading\" data-id=\"66954ee\" data-element_type=\"widget\" data-widget_type=\"theme-post-title.default\">\n\t\t\t\t<div class=\"elementor-widget-container\">\n\t\t\t\t\t<div class=\"elementor-heading-title elementor-size-default\"><a href=\"https:\/\/www.grupotd.es\/fr\/les-meubles\/banc-lisboa\/\">banc lisboa<\/a><\/div>\t\t\t\t<\/div>\n\t\t\t\t<\/div>\n\t\t<!-- dce invisible element 692aa6d -->\t\t\t<\/div>\n\t\t<\/div>\n\t\t\t\t\t<\/div>\n\t\t<\/section>\n\t\t\t\t<\/div>\n\t\t\t\t<div data-elementor-type=\"loop-item\" data-elementor-id=\"49231\" class=\"elementor elementor-49231 e-loop-item e-loop-item-4913 post-4913 muebles type-muebles status-publish has-post-thumbnail hentry category-sofas-fr\" data-elementor-settings=\"{&quot;ha_cmc_init_switcher&quot;:&quot;no&quot;}\" data-elementor-post-type=\"elementor_library\" data-custom-edit-handle=\"1\">\n\t\t\t\t\t<section class=\"elementor-section elementor-top-section elementor-element elementor-element-6b8f2aa elementor-section-boxed elementor-section-height-default elementor-section-height-default\" data-id=\"6b8f2aa\" data-element_type=\"section\">\n\t\t\t\t\t\t<div class=\"elementor-container elementor-column-gap-default\">\n\t\t\t\t\t<div class=\"elementor-column elementor-col-100 elementor-top-column elementor-element elementor-element-66f3b36\" data-id=\"66f3b36\" data-element_type=\"column\">\n\t\t\t<div class=\"elementor-widget-wrap elementor-element-populated\">\n\t\t\t\t\t\t<div class=\"elementor-element elementor-element-c2e646f elementor-widget elementor-widget-theme-post-featured-image elementor-widget-image\" data-id=\"c2e646f\" data-element_type=\"widget\" data-widget_type=\"theme-post-featured-image.default\">\n\t\t\t\t<div class=\"elementor-widget-container\">\n\t\t\t\t\t\t\t\t\t\t\t\t\t\t\t\t<a href=\"https:\/\/www.grupotd.es\/fr\/les-meubles\/banco-lola\/\">\n\t\t\t\t\t\t\t<img  title=\"CANAP\u00c9 C\u00c1DIZ - Tapizados Do\u00f1ana\" loading=\"lazy\" decoding=\"async\" width=\"2560\" height=\"1707\" src=\"https:\/\/www.grupotd.es\/wp-content\/uploads\/2018\/12\/Banco-Lola-scaled.jpg\" class=\"attachment-full size-full wp-image-48782\"  alt=\"CANAP\u00c9 C\u00c1DIZ - Tapizados Do\u00f1ana\"  srcset=\"https:\/\/www.grupotd.es\/wp-content\/uploads\/2018\/12\/Banco-Lola-scaled.jpg 2560w, https:\/\/www.grupotd.es\/wp-content\/uploads\/2018\/12\/Banco-Lola-300x200.jpg 300w, https:\/\/www.grupotd.es\/wp-content\/uploads\/2018\/12\/Banco-Lola-1024x683.jpg 1024w, https:\/\/www.grupotd.es\/wp-content\/uploads\/2018\/12\/Banco-Lola-768x512.jpg 768w, https:\/\/www.grupotd.es\/wp-content\/uploads\/2018\/12\/Banco-Lola-1536x1024.jpg 1536w, https:\/\/www.grupotd.es\/wp-content\/uploads\/2018\/12\/Banco-Lola-2048x1365.jpg 2048w\" sizes=\"(max-width: 2560px) 100vw, 2560px\" \/>\t\t\t\t\t\t\t\t<\/a>\n\t\t\t\t\t\t\t\t\t\t\t\t\t\t\t<\/div>\n\t\t\t\t<\/div>\n\t\t\t\t<div class=\"elementor-element elementor-element-66954ee elementor-widget elementor-widget-theme-post-title elementor-page-title elementor-widget-heading\" data-id=\"66954ee\" data-element_type=\"widget\" data-widget_type=\"theme-post-title.default\">\n\t\t\t\t<div class=\"elementor-widget-container\">\n\t\t\t\t\t<div class=\"elementor-heading-title elementor-size-default\"><a href=\"https:\/\/www.grupotd.es\/fr\/les-meubles\/banco-lola\/\">Banc Lola<\/a><\/div>\t\t\t\t<\/div>\n\t\t\t\t<\/div>\n\t\t<!-- dce invisible element 692aa6d -->\t\t\t<\/div>\n\t\t<\/div>\n\t\t\t\t\t<\/div>\n\t\t<\/section>\n\t\t\t\t<\/div>\n\t\t\t\t<div data-elementor-type=\"loop-item\" data-elementor-id=\"49231\" class=\"elementor elementor-49231 e-loop-item e-loop-item-3672 post-3672 muebles type-muebles status-publish has-post-thumbnail hentry category-sofas-fr\" data-elementor-settings=\"{&quot;ha_cmc_init_switcher&quot;:&quot;no&quot;}\" data-elementor-post-type=\"elementor_library\" data-custom-edit-handle=\"1\">\n\t\t\t\t\t<section class=\"elementor-section elementor-top-section elementor-element elementor-element-6b8f2aa elementor-section-boxed elementor-section-height-default elementor-section-height-default\" data-id=\"6b8f2aa\" data-element_type=\"section\">\n\t\t\t\t\t\t<div class=\"elementor-container elementor-column-gap-default\">\n\t\t\t\t\t<div class=\"elementor-column elementor-col-100 elementor-top-column elementor-element elementor-element-66f3b36\" data-id=\"66f3b36\" data-element_type=\"column\">\n\t\t\t<div class=\"elementor-widget-wrap elementor-element-populated\">\n\t\t\t\t\t\t<div class=\"elementor-element elementor-element-c2e646f elementor-widget elementor-widget-theme-post-featured-image elementor-widget-image\" data-id=\"c2e646f\" data-element_type=\"widget\" data-widget_type=\"theme-post-featured-image.default\">\n\t\t\t\t<div class=\"elementor-widget-container\">\n\t\t\t\t\t\t\t\t\t\t\t\t\t\t\t\t<a href=\"https:\/\/www.grupotd.es\/fr\/les-meubles\/banco-salamanca\/\">\n\t\t\t\t\t\t\t<img  title=\"CANAP\u00c9 C\u00c1DIZ - Tapizados Do\u00f1ana\" loading=\"lazy\" decoding=\"async\" width=\"2560\" height=\"1706\" src=\"https:\/\/www.grupotd.es\/wp-content\/uploads\/2018\/11\/Banco-Salamanca-scaled.jpg\" class=\"attachment-full size-full wp-image-48785\"  alt=\"CANAP\u00c9 C\u00c1DIZ - Tapizados Do\u00f1ana\"  srcset=\"https:\/\/www.grupotd.es\/wp-content\/uploads\/2018\/11\/Banco-Salamanca-scaled.jpg 2560w, https:\/\/www.grupotd.es\/wp-content\/uploads\/2018\/11\/Banco-Salamanca-300x200.jpg 300w, https:\/\/www.grupotd.es\/wp-content\/uploads\/2018\/11\/Banco-Salamanca-1024x683.jpg 1024w, https:\/\/www.grupotd.es\/wp-content\/uploads\/2018\/11\/Banco-Salamanca-768x512.jpg 768w, https:\/\/www.grupotd.es\/wp-content\/uploads\/2018\/11\/Banco-Salamanca-1536x1024.jpg 1536w, https:\/\/www.grupotd.es\/wp-content\/uploads\/2018\/11\/Banco-Salamanca-2048x1365.jpg 2048w\" sizes=\"(max-width: 2560px) 100vw, 2560px\" \/>\t\t\t\t\t\t\t\t<\/a>\n\t\t\t\t\t\t\t\t\t\t\t\t\t\t\t<\/div>\n\t\t\t\t<\/div>\n\t\t\t\t<div class=\"elementor-element elementor-element-66954ee elementor-widget elementor-widget-theme-post-title elementor-page-title elementor-widget-heading\" data-id=\"66954ee\" data-element_type=\"widget\" data-widget_type=\"theme-post-title.default\">\n\t\t\t\t<div class=\"elementor-widget-container\">\n\t\t\t\t\t<div class=\"elementor-heading-title elementor-size-default\"><a href=\"https:\/\/www.grupotd.es\/fr\/les-meubles\/banco-salamanca\/\">BANC SALAMANCA<\/a><\/div>\t\t\t\t<\/div>\n\t\t\t\t<\/div>\n\t\t<!-- dce invisible element 692aa6d -->\t\t\t<\/div>\n\t\t<\/div>\n\t\t\t\t\t<\/div>\n\t\t<\/section>\n\t\t\t\t<\/div>\n\t\t\t\t<div data-elementor-type=\"loop-item\" data-elementor-id=\"49231\" class=\"elementor elementor-49231 e-loop-item e-loop-item-28593 post-28593 muebles type-muebles status-publish has-post-thumbnail hentry category-sofas-fr\" data-elementor-settings=\"{&quot;ha_cmc_init_switcher&quot;:&quot;no&quot;}\" data-elementor-post-type=\"elementor_library\" data-custom-edit-handle=\"1\">\n\t\t\t\t\t<section class=\"elementor-section elementor-top-section elementor-element elementor-element-6b8f2aa elementor-section-boxed elementor-section-height-default elementor-section-height-default\" data-id=\"6b8f2aa\" data-element_type=\"section\">\n\t\t\t\t\t\t<div class=\"elementor-container elementor-column-gap-default\">\n\t\t\t\t\t<div class=\"elementor-column elementor-col-100 elementor-top-column elementor-element elementor-element-66f3b36\" data-id=\"66f3b36\" data-element_type=\"column\">\n\t\t\t<div class=\"elementor-widget-wrap elementor-element-populated\">\n\t\t\t\t\t\t<div class=\"elementor-element elementor-element-c2e646f elementor-widget elementor-widget-theme-post-featured-image elementor-widget-image\" data-id=\"c2e646f\" data-element_type=\"widget\" data-widget_type=\"theme-post-featured-image.default\">\n\t\t\t\t<div class=\"elementor-widget-container\">\n\t\t\t\t\t\t\t\t\t\t\t\t\t\t\t\t<a href=\"https:\/\/www.grupotd.es\/fr\/les-meubles\/canape-africa\/\">\n\t\t\t\t\t\t\t<img  title=\"CANAP\u00c9 C\u00c1DIZ - Tapizados Do\u00f1ana\" loading=\"lazy\" decoding=\"async\" width=\"2560\" height=\"1920\" src=\"https:\/\/www.grupotd.es\/wp-content\/uploads\/2022\/05\/Africa-P-WEB-1-scaled.jpg\" class=\"attachment-full size-full wp-image-42957\"  alt=\"CANAP\u00c9 C\u00c1DIZ - Tapizados Do\u00f1ana\"  srcset=\"https:\/\/www.grupotd.es\/wp-content\/uploads\/2022\/05\/Africa-P-WEB-1-scaled.jpg 2560w, https:\/\/www.grupotd.es\/wp-content\/uploads\/2022\/05\/Africa-P-WEB-1-300x225.jpg 300w, https:\/\/www.grupotd.es\/wp-content\/uploads\/2022\/05\/Africa-P-WEB-1-1024x768.jpg 1024w, https:\/\/www.grupotd.es\/wp-content\/uploads\/2022\/05\/Africa-P-WEB-1-768x576.jpg 768w, https:\/\/www.grupotd.es\/wp-content\/uploads\/2022\/05\/Africa-P-WEB-1-1536x1152.jpg 1536w, https:\/\/www.grupotd.es\/wp-content\/uploads\/2022\/05\/Africa-P-WEB-1-2048x1536.jpg 2048w\" sizes=\"(max-width: 2560px) 100vw, 2560px\" \/>\t\t\t\t\t\t\t\t<\/a>\n\t\t\t\t\t\t\t\t\t\t\t\t\t\t\t<\/div>\n\t\t\t\t<\/div>\n\t\t\t\t<div class=\"elementor-element elementor-element-66954ee elementor-widget elementor-widget-theme-post-title elementor-page-title elementor-widget-heading\" data-id=\"66954ee\" data-element_type=\"widget\" data-widget_type=\"theme-post-title.default\">\n\t\t\t\t<div class=\"elementor-widget-container\">\n\t\t\t\t\t<div class=\"elementor-heading-title elementor-size-default\"><a href=\"https:\/\/www.grupotd.es\/fr\/les-meubles\/canape-africa\/\">canap\u00e9 \u00e1frica<\/a><\/div>\t\t\t\t<\/div>\n\t\t\t\t<\/div>\n\t\t<!-- dce invisible element 692aa6d -->\t\t\t<\/div>\n\t\t<\/div>\n\t\t\t\t\t<\/div>\n\t\t<\/section>\n\t\t\t\t<\/div>\n\t\t\t\t<div data-elementor-type=\"loop-item\" data-elementor-id=\"49231\" class=\"elementor elementor-49231 e-loop-item e-loop-item-1986 post-1986 muebles type-muebles status-publish has-post-thumbnail hentry category-sofas-fr\" data-elementor-settings=\"{&quot;ha_cmc_init_switcher&quot;:&quot;no&quot;}\" data-elementor-post-type=\"elementor_library\" data-custom-edit-handle=\"1\">\n\t\t\t\t\t<section class=\"elementor-section elementor-top-section elementor-element elementor-element-6b8f2aa elementor-section-boxed elementor-section-height-default elementor-section-height-default\" data-id=\"6b8f2aa\" data-element_type=\"section\">\n\t\t\t\t\t\t<div class=\"elementor-container elementor-column-gap-default\">\n\t\t\t\t\t<div class=\"elementor-column elementor-col-100 elementor-top-column elementor-element elementor-element-66f3b36\" data-id=\"66f3b36\" data-element_type=\"column\">\n\t\t\t<div class=\"elementor-widget-wrap elementor-element-populated\">\n\t\t\t\t\t\t<div class=\"elementor-element elementor-element-c2e646f elementor-widget elementor-widget-theme-post-featured-image elementor-widget-image\" data-id=\"c2e646f\" data-element_type=\"widget\" data-widget_type=\"theme-post-featured-image.default\">\n\t\t\t\t<div class=\"elementor-widget-container\">\n\t\t\t\t\t\t\t\t\t\t\t\t\t\t\t\t<a href=\"https:\/\/www.grupotd.es\/fr\/les-meubles\/sofa-albert\/\">\n\t\t\t\t\t\t\t<img  title=\"CANAP\u00c9 C\u00c1DIZ - Tapizados Do\u00f1ana\" loading=\"lazy\" decoding=\"async\" width=\"2560\" height=\"1920\" src=\"https:\/\/www.grupotd.es\/wp-content\/uploads\/2018\/11\/ALBERT-SOFA-Pw-scaled.jpg\" class=\"attachment-full size-full wp-image-43042\"  alt=\"CANAP\u00c9 C\u00c1DIZ - Tapizados Do\u00f1ana\"  srcset=\"https:\/\/www.grupotd.es\/wp-content\/uploads\/2018\/11\/ALBERT-SOFA-Pw-scaled.jpg 2560w, https:\/\/www.grupotd.es\/wp-content\/uploads\/2018\/11\/ALBERT-SOFA-Pw-300x225.jpg 300w, https:\/\/www.grupotd.es\/wp-content\/uploads\/2018\/11\/ALBERT-SOFA-Pw-1024x768.jpg 1024w, https:\/\/www.grupotd.es\/wp-content\/uploads\/2018\/11\/ALBERT-SOFA-Pw-768x576.jpg 768w, https:\/\/www.grupotd.es\/wp-content\/uploads\/2018\/11\/ALBERT-SOFA-Pw-1536x1152.jpg 1536w, https:\/\/www.grupotd.es\/wp-content\/uploads\/2018\/11\/ALBERT-SOFA-Pw-2048x1536.jpg 2048w\" sizes=\"(max-width: 2560px) 100vw, 2560px\" \/>\t\t\t\t\t\t\t\t<\/a>\n\t\t\t\t\t\t\t\t\t\t\t\t\t\t\t<\/div>\n\t\t\t\t<\/div>\n\t\t\t\t<div class=\"elementor-element elementor-element-66954ee elementor-widget elementor-widget-theme-post-title elementor-page-title elementor-widget-heading\" data-id=\"66954ee\" data-element_type=\"widget\" data-widget_type=\"theme-post-title.default\">\n\t\t\t\t<div class=\"elementor-widget-container\">\n\t\t\t\t\t<div class=\"elementor-heading-title elementor-size-default\"><a href=\"https:\/\/www.grupotd.es\/fr\/les-meubles\/sofa-albert\/\">CANAP\u00c9 ALBERT<\/a><\/div>\t\t\t\t<\/div>\n\t\t\t\t<\/div>\n\t\t<!-- dce invisible element 692aa6d -->\t\t\t<\/div>\n\t\t<\/div>\n\t\t\t\t\t<\/div>\n\t\t<\/section>\n\t\t\t\t<\/div>\n\t\t\t\t<div data-elementor-type=\"loop-item\" data-elementor-id=\"49231\" class=\"elementor elementor-49231 e-loop-item e-loop-item-39139 post-39139 muebles type-muebles status-publish has-post-thumbnail hentry category-sofas-fr\" data-elementor-settings=\"{&quot;ha_cmc_init_switcher&quot;:&quot;no&quot;}\" data-elementor-post-type=\"elementor_library\" data-custom-edit-handle=\"1\">\n\t\t\t\t\t<section class=\"elementor-section elementor-top-section elementor-element elementor-element-6b8f2aa elementor-section-boxed elementor-section-height-default elementor-section-height-default\" data-id=\"6b8f2aa\" data-element_type=\"section\">\n\t\t\t\t\t\t<div class=\"elementor-container elementor-column-gap-default\">\n\t\t\t\t\t<div class=\"elementor-column elementor-col-100 elementor-top-column elementor-element elementor-element-66f3b36\" data-id=\"66f3b36\" data-element_type=\"column\">\n\t\t\t<div class=\"elementor-widget-wrap elementor-element-populated\">\n\t\t\t\t\t\t<div class=\"elementor-element elementor-element-c2e646f elementor-widget elementor-widget-theme-post-featured-image elementor-widget-image\" data-id=\"c2e646f\" data-element_type=\"widget\" data-widget_type=\"theme-post-featured-image.default\">\n\t\t\t\t<div class=\"elementor-widget-container\">\n\t\t\t\t\t\t\t\t\t\t\t\t\t\t\t\t<a href=\"https:\/\/www.grupotd.es\/fr\/les-meubles\/canape-arabia\/\">\n\t\t\t\t\t\t\t<img  title=\"CANAP\u00c9 C\u00c1DIZ - Tapizados Do\u00f1ana\" loading=\"lazy\" decoding=\"async\" width=\"2560\" height=\"1920\" src=\"https:\/\/www.grupotd.es\/wp-content\/uploads\/2023\/03\/IMG_0850-SOFA-Pw-1-scaled.jpg\" class=\"attachment-full size-full wp-image-42840\"  alt=\"CANAP\u00c9 C\u00c1DIZ - Tapizados Do\u00f1ana\"  srcset=\"https:\/\/www.grupotd.es\/wp-content\/uploads\/2023\/03\/IMG_0850-SOFA-Pw-1-scaled.jpg 2560w, https:\/\/www.grupotd.es\/wp-content\/uploads\/2023\/03\/IMG_0850-SOFA-Pw-1-300x225.jpg 300w, https:\/\/www.grupotd.es\/wp-content\/uploads\/2023\/03\/IMG_0850-SOFA-Pw-1-1024x768.jpg 1024w, https:\/\/www.grupotd.es\/wp-content\/uploads\/2023\/03\/IMG_0850-SOFA-Pw-1-768x576.jpg 768w, https:\/\/www.grupotd.es\/wp-content\/uploads\/2023\/03\/IMG_0850-SOFA-Pw-1-1536x1152.jpg 1536w, https:\/\/www.grupotd.es\/wp-content\/uploads\/2023\/03\/IMG_0850-SOFA-Pw-1-2048x1536.jpg 2048w\" sizes=\"(max-width: 2560px) 100vw, 2560px\" \/>\t\t\t\t\t\t\t\t<\/a>\n\t\t\t\t\t\t\t\t\t\t\t\t\t\t\t<\/div>\n\t\t\t\t<\/div>\n\t\t\t\t<div class=\"elementor-element elementor-element-66954ee elementor-widget elementor-widget-theme-post-title elementor-page-title elementor-widget-heading\" data-id=\"66954ee\" data-element_type=\"widget\" data-widget_type=\"theme-post-title.default\">\n\t\t\t\t<div class=\"elementor-widget-container\">\n\t\t\t\t\t<div class=\"elementor-heading-title elementor-size-default\"><a href=\"https:\/\/www.grupotd.es\/fr\/les-meubles\/canape-arabia\/\">canap\u00e9 arabia<\/a><\/div>\t\t\t\t<\/div>\n\t\t\t\t<\/div>\n\t\t<!-- dce invisible element 692aa6d -->\t\t\t<\/div>\n\t\t<\/div>\n\t\t\t\t\t<\/div>\n\t\t<\/section>\n\t\t\t\t<\/div>\n\t\t\t\t<div data-elementor-type=\"loop-item\" data-elementor-id=\"49231\" class=\"elementor elementor-49231 e-loop-item e-loop-item-38725 post-38725 muebles type-muebles status-publish has-post-thumbnail hentry category-sofas-fr\" data-elementor-settings=\"{&quot;ha_cmc_init_switcher&quot;:&quot;no&quot;}\" data-elementor-post-type=\"elementor_library\" data-custom-edit-handle=\"1\">\n\t\t\t\t\t<section class=\"elementor-section elementor-top-section elementor-element elementor-element-6b8f2aa elementor-section-boxed elementor-section-height-default elementor-section-height-default\" data-id=\"6b8f2aa\" data-element_type=\"section\">\n\t\t\t\t\t\t<div class=\"elementor-container elementor-column-gap-default\">\n\t\t\t\t\t<div class=\"elementor-column elementor-col-100 elementor-top-column elementor-element elementor-element-66f3b36\" data-id=\"66f3b36\" data-element_type=\"column\">\n\t\t\t<div class=\"elementor-widget-wrap elementor-element-populated\">\n\t\t\t\t\t\t<div class=\"elementor-element elementor-element-c2e646f elementor-widget elementor-widget-theme-post-featured-image elementor-widget-image\" data-id=\"c2e646f\" data-element_type=\"widget\" data-widget_type=\"theme-post-featured-image.default\">\n\t\t\t\t<div class=\"elementor-widget-container\">\n\t\t\t\t\t\t\t\t\t\t\t\t\t\t\t\t<a href=\"https:\/\/www.grupotd.es\/fr\/les-meubles\/canape-araceli\/\">\n\t\t\t\t\t\t\t<img  title=\"CANAP\u00c9 C\u00c1DIZ - Tapizados Do\u00f1ana\" loading=\"lazy\" decoding=\"async\" width=\"2560\" height=\"2076\" src=\"https:\/\/www.grupotd.es\/wp-content\/uploads\/2023\/03\/IMG_8035-ARACELI-SOFA-Pw-1-scaled.jpg\" class=\"attachment-full size-full wp-image-42900\"  alt=\"CANAP\u00c9 C\u00c1DIZ - Tapizados Do\u00f1ana\"  srcset=\"https:\/\/www.grupotd.es\/wp-content\/uploads\/2023\/03\/IMG_8035-ARACELI-SOFA-Pw-1-scaled.jpg 2560w, https:\/\/www.grupotd.es\/wp-content\/uploads\/2023\/03\/IMG_8035-ARACELI-SOFA-Pw-1-300x243.jpg 300w, https:\/\/www.grupotd.es\/wp-content\/uploads\/2023\/03\/IMG_8035-ARACELI-SOFA-Pw-1-1024x831.jpg 1024w, https:\/\/www.grupotd.es\/wp-content\/uploads\/2023\/03\/IMG_8035-ARACELI-SOFA-Pw-1-768x623.jpg 768w, https:\/\/www.grupotd.es\/wp-content\/uploads\/2023\/03\/IMG_8035-ARACELI-SOFA-Pw-1-1536x1246.jpg 1536w, https:\/\/www.grupotd.es\/wp-content\/uploads\/2023\/03\/IMG_8035-ARACELI-SOFA-Pw-1-2048x1661.jpg 2048w\" sizes=\"(max-width: 2560px) 100vw, 2560px\" \/>\t\t\t\t\t\t\t\t<\/a>\n\t\t\t\t\t\t\t\t\t\t\t\t\t\t\t<\/div>\n\t\t\t\t<\/div>\n\t\t\t\t<div class=\"elementor-element elementor-element-66954ee elementor-widget elementor-widget-theme-post-title elementor-page-title elementor-widget-heading\" data-id=\"66954ee\" data-element_type=\"widget\" data-widget_type=\"theme-post-title.default\">\n\t\t\t\t<div class=\"elementor-widget-container\">\n\t\t\t\t\t<div class=\"elementor-heading-title elementor-size-default\"><a href=\"https:\/\/www.grupotd.es\/fr\/les-meubles\/canape-araceli\/\">canap\u00e9 araceli<\/a><\/div>\t\t\t\t<\/div>\n\t\t\t\t<\/div>\n\t\t<!-- dce invisible element 692aa6d -->\t\t\t<\/div>\n\t\t<\/div>\n\t\t\t\t\t<\/div>\n\t\t<\/section>\n\t\t\t\t<\/div>\n\t\t\t\t<div data-elementor-type=\"loop-item\" data-elementor-id=\"49231\" class=\"elementor elementor-49231 e-loop-item e-loop-item-38788 post-38788 muebles type-muebles status-publish has-post-thumbnail hentry category-sofas-fr\" data-elementor-settings=\"{&quot;ha_cmc_init_switcher&quot;:&quot;no&quot;}\" data-elementor-post-type=\"elementor_library\" data-custom-edit-handle=\"1\">\n\t\t\t\t\t<section class=\"elementor-section elementor-top-section elementor-element elementor-element-6b8f2aa elementor-section-boxed elementor-section-height-default elementor-section-height-default\" data-id=\"6b8f2aa\" data-element_type=\"section\">\n\t\t\t\t\t\t<div class=\"elementor-container elementor-column-gap-default\">\n\t\t\t\t\t<div class=\"elementor-column elementor-col-100 elementor-top-column elementor-element elementor-element-66f3b36\" data-id=\"66f3b36\" data-element_type=\"column\">\n\t\t\t<div class=\"elementor-widget-wrap elementor-element-populated\">\n\t\t\t\t\t\t<div class=\"elementor-element elementor-element-c2e646f elementor-widget elementor-widget-theme-post-featured-image elementor-widget-image\" data-id=\"c2e646f\" data-element_type=\"widget\" data-widget_type=\"theme-post-featured-image.default\">\n\t\t\t\t<div class=\"elementor-widget-container\">\n\t\t\t\t\t\t\t\t\t\t\t\t\t\t\t\t<a href=\"https:\/\/www.grupotd.es\/fr\/les-meubles\/canape-araceli-avec-meridienne\/\">\n\t\t\t\t\t\t\t<img  title=\"CANAP\u00c9 C\u00c1DIZ - Tapizados Do\u00f1ana\" loading=\"lazy\" decoding=\"async\" width=\"2560\" height=\"1920\" src=\"https:\/\/www.grupotd.es\/wp-content\/uploads\/2023\/03\/IMG_8035-ARACELI-CHAISE-Pw-1-scaled.jpg\" class=\"attachment-full size-full wp-image-42894\"  alt=\"CANAP\u00c9 C\u00c1DIZ - Tapizados Do\u00f1ana\"  srcset=\"https:\/\/www.grupotd.es\/wp-content\/uploads\/2023\/03\/IMG_8035-ARACELI-CHAISE-Pw-1-scaled.jpg 2560w, https:\/\/www.grupotd.es\/wp-content\/uploads\/2023\/03\/IMG_8035-ARACELI-CHAISE-Pw-1-300x225.jpg 300w, https:\/\/www.grupotd.es\/wp-content\/uploads\/2023\/03\/IMG_8035-ARACELI-CHAISE-Pw-1-1024x768.jpg 1024w, https:\/\/www.grupotd.es\/wp-content\/uploads\/2023\/03\/IMG_8035-ARACELI-CHAISE-Pw-1-768x576.jpg 768w, https:\/\/www.grupotd.es\/wp-content\/uploads\/2023\/03\/IMG_8035-ARACELI-CHAISE-Pw-1-1536x1152.jpg 1536w, https:\/\/www.grupotd.es\/wp-content\/uploads\/2023\/03\/IMG_8035-ARACELI-CHAISE-Pw-1-2048x1536.jpg 2048w\" sizes=\"(max-width: 2560px) 100vw, 2560px\" \/>\t\t\t\t\t\t\t\t<\/a>\n\t\t\t\t\t\t\t\t\t\t\t\t\t\t\t<\/div>\n\t\t\t\t<\/div>\n\t\t\t\t<div class=\"elementor-element elementor-element-66954ee elementor-widget elementor-widget-theme-post-title elementor-page-title elementor-widget-heading\" data-id=\"66954ee\" data-element_type=\"widget\" data-widget_type=\"theme-post-title.default\">\n\t\t\t\t<div class=\"elementor-widget-container\">\n\t\t\t\t\t<div class=\"elementor-heading-title elementor-size-default\"><a href=\"https:\/\/www.grupotd.es\/fr\/les-meubles\/canape-araceli-avec-meridienne\/\">canap\u00e9 araceli avec m\u00e9ridienne<\/a><\/div>\t\t\t\t<\/div>\n\t\t\t\t<\/div>\n\t\t<!-- dce invisible element 692aa6d -->\t\t\t<\/div>\n\t\t<\/div>\n\t\t\t\t\t<\/div>\n\t\t<\/section>\n\t\t\t\t<\/div>\n\t\t\t\t<div data-elementor-type=\"loop-item\" data-elementor-id=\"49231\" class=\"elementor elementor-49231 e-loop-item e-loop-item-2034 post-2034 muebles type-muebles status-publish has-post-thumbnail hentry category-sofas-fr\" data-elementor-settings=\"{&quot;ha_cmc_init_switcher&quot;:&quot;no&quot;}\" data-elementor-post-type=\"elementor_library\" data-custom-edit-handle=\"1\">\n\t\t\t\t\t<section class=\"elementor-section elementor-top-section elementor-element elementor-element-6b8f2aa elementor-section-boxed elementor-section-height-default elementor-section-height-default\" data-id=\"6b8f2aa\" data-element_type=\"section\">\n\t\t\t\t\t\t<div class=\"elementor-container elementor-column-gap-default\">\n\t\t\t\t\t<div class=\"elementor-column elementor-col-100 elementor-top-column elementor-element elementor-element-66f3b36\" data-id=\"66f3b36\" data-element_type=\"column\">\n\t\t\t<div class=\"elementor-widget-wrap elementor-element-populated\">\n\t\t\t\t\t\t<div class=\"elementor-element elementor-element-c2e646f elementor-widget elementor-widget-theme-post-featured-image elementor-widget-image\" data-id=\"c2e646f\" data-element_type=\"widget\" data-widget_type=\"theme-post-featured-image.default\">\n\t\t\t\t<div class=\"elementor-widget-container\">\n\t\t\t\t\t\t\t\t\t\t\t\t\t\t\t\t<a href=\"https:\/\/www.grupotd.es\/fr\/les-meubles\/sofa-badajoz\/\">\n\t\t\t\t\t\t\t<img  title=\"CANAP\u00c9 C\u00c1DIZ - Tapizados Do\u00f1ana\" loading=\"lazy\" decoding=\"async\" width=\"2048\" height=\"1365\" src=\"https:\/\/www.grupotd.es\/wp-content\/uploads\/2018\/11\/Sofa-Badajoz.jpg\" class=\"attachment-full size-full wp-image-48826\"  alt=\"CANAP\u00c9 C\u00c1DIZ - Tapizados Do\u00f1ana\"  srcset=\"https:\/\/www.grupotd.es\/wp-content\/uploads\/2018\/11\/Sofa-Badajoz.jpg 2048w, https:\/\/www.grupotd.es\/wp-content\/uploads\/2018\/11\/Sofa-Badajoz-300x200.jpg 300w, https:\/\/www.grupotd.es\/wp-content\/uploads\/2018\/11\/Sofa-Badajoz-1024x683.jpg 1024w, https:\/\/www.grupotd.es\/wp-content\/uploads\/2018\/11\/Sofa-Badajoz-768x512.jpg 768w, https:\/\/www.grupotd.es\/wp-content\/uploads\/2018\/11\/Sofa-Badajoz-1536x1024.jpg 1536w\" sizes=\"(max-width: 2048px) 100vw, 2048px\" \/>\t\t\t\t\t\t\t\t<\/a>\n\t\t\t\t\t\t\t\t\t\t\t\t\t\t\t<\/div>\n\t\t\t\t<\/div>\n\t\t\t\t<div class=\"elementor-element elementor-element-66954ee elementor-widget elementor-widget-theme-post-title elementor-page-title elementor-widget-heading\" data-id=\"66954ee\" data-element_type=\"widget\" data-widget_type=\"theme-post-title.default\">\n\t\t\t\t<div class=\"elementor-widget-container\">\n\t\t\t\t\t<div class=\"elementor-heading-title elementor-size-default\"><a href=\"https:\/\/www.grupotd.es\/fr\/les-meubles\/sofa-badajoz\/\">CANAP\u00c9 BADAJOZ<\/a><\/div>\t\t\t\t<\/div>\n\t\t\t\t<\/div>\n\t\t<!-- dce invisible element 692aa6d -->\t\t\t<\/div>\n\t\t<\/div>\n\t\t\t\t\t<\/div>\n\t\t<\/section>\n\t\t\t\t<\/div>\n\t\t\t\t<div data-elementor-type=\"loop-item\" data-elementor-id=\"49231\" class=\"elementor elementor-49231 e-loop-item e-loop-item-38798 post-38798 muebles type-muebles status-publish has-post-thumbnail hentry category-sofas-fr\" data-elementor-settings=\"{&quot;ha_cmc_init_switcher&quot;:&quot;no&quot;}\" data-elementor-post-type=\"elementor_library\" data-custom-edit-handle=\"1\">\n\t\t\t\t\t<section class=\"elementor-section elementor-top-section elementor-element elementor-element-6b8f2aa elementor-section-boxed elementor-section-height-default elementor-section-height-default\" data-id=\"6b8f2aa\" data-element_type=\"section\">\n\t\t\t\t\t\t<div class=\"elementor-container elementor-column-gap-default\">\n\t\t\t\t\t<div class=\"elementor-column elementor-col-100 elementor-top-column elementor-element elementor-element-66f3b36\" data-id=\"66f3b36\" data-element_type=\"column\">\n\t\t\t<div class=\"elementor-widget-wrap elementor-element-populated\">\n\t\t\t\t\t\t<div class=\"elementor-element elementor-element-c2e646f elementor-widget elementor-widget-theme-post-featured-image elementor-widget-image\" data-id=\"c2e646f\" data-element_type=\"widget\" data-widget_type=\"theme-post-featured-image.default\">\n\t\t\t\t<div class=\"elementor-widget-container\">\n\t\t\t\t\t\t\t\t\t\t\t\t\t\t\t\t<a href=\"https:\/\/www.grupotd.es\/fr\/les-meubles\/canape-belgrado\/\">\n\t\t\t\t\t\t\t<img  title=\"CANAP\u00c9 C\u00c1DIZ - Tapizados Do\u00f1ana\" loading=\"lazy\" decoding=\"async\" width=\"2560\" height=\"1920\" src=\"https:\/\/www.grupotd.es\/wp-content\/uploads\/2023\/03\/Sofa-Belgrado-scaled.jpg\" class=\"attachment-full size-full wp-image-48829\"  alt=\"CANAP\u00c9 C\u00c1DIZ - Tapizados Do\u00f1ana\"  srcset=\"https:\/\/www.grupotd.es\/wp-content\/uploads\/2023\/03\/Sofa-Belgrado-scaled.jpg 2560w, https:\/\/www.grupotd.es\/wp-content\/uploads\/2023\/03\/Sofa-Belgrado-300x225.jpg 300w, https:\/\/www.grupotd.es\/wp-content\/uploads\/2023\/03\/Sofa-Belgrado-1024x768.jpg 1024w, https:\/\/www.grupotd.es\/wp-content\/uploads\/2023\/03\/Sofa-Belgrado-768x576.jpg 768w, https:\/\/www.grupotd.es\/wp-content\/uploads\/2023\/03\/Sofa-Belgrado-1536x1152.jpg 1536w, https:\/\/www.grupotd.es\/wp-content\/uploads\/2023\/03\/Sofa-Belgrado-2048x1536.jpg 2048w\" sizes=\"(max-width: 2560px) 100vw, 2560px\" \/>\t\t\t\t\t\t\t\t<\/a>\n\t\t\t\t\t\t\t\t\t\t\t\t\t\t\t<\/div>\n\t\t\t\t<\/div>\n\t\t\t\t<div class=\"elementor-element elementor-element-66954ee elementor-widget elementor-widget-theme-post-title elementor-page-title elementor-widget-heading\" data-id=\"66954ee\" data-element_type=\"widget\" data-widget_type=\"theme-post-title.default\">\n\t\t\t\t<div class=\"elementor-widget-container\">\n\t\t\t\t\t<div class=\"elementor-heading-title elementor-size-default\"><a href=\"https:\/\/www.grupotd.es\/fr\/les-meubles\/canape-belgrado\/\">canap\u00e9 belgrado<\/a><\/div>\t\t\t\t<\/div>\n\t\t\t\t<\/div>\n\t\t<!-- dce invisible element 692aa6d -->\t\t\t<\/div>\n\t\t<\/div>\n\t\t\t\t\t<\/div>\n\t\t<\/section>\n\t\t\t\t<\/div>\n\t\t\t\t<div data-elementor-type=\"loop-item\" data-elementor-id=\"49231\" class=\"elementor elementor-49231 e-loop-item e-loop-item-2070 post-2070 muebles type-muebles status-publish has-post-thumbnail hentry category-sofas-fr\" data-elementor-settings=\"{&quot;ha_cmc_init_switcher&quot;:&quot;no&quot;}\" data-elementor-post-type=\"elementor_library\" data-custom-edit-handle=\"1\">\n\t\t\t\t\t<section class=\"elementor-section elementor-top-section elementor-element elementor-element-6b8f2aa elementor-section-boxed elementor-section-height-default elementor-section-height-default\" data-id=\"6b8f2aa\" data-element_type=\"section\">\n\t\t\t\t\t\t<div class=\"elementor-container elementor-column-gap-default\">\n\t\t\t\t\t<div class=\"elementor-column elementor-col-100 elementor-top-column elementor-element elementor-element-66f3b36\" data-id=\"66f3b36\" data-element_type=\"column\">\n\t\t\t<div class=\"elementor-widget-wrap elementor-element-populated\">\n\t\t\t\t\t\t<div class=\"elementor-element elementor-element-c2e646f elementor-widget elementor-widget-theme-post-featured-image elementor-widget-image\" data-id=\"c2e646f\" data-element_type=\"widget\" data-widget_type=\"theme-post-featured-image.default\">\n\t\t\t\t<div class=\"elementor-widget-container\">\n\t\t\t\t\t\t\t\t\t\t\t\t\t\t\t\t<a href=\"https:\/\/www.grupotd.es\/fr\/les-meubles\/sofa-blake\/\">\n\t\t\t\t\t\t\t<img  title=\"CANAP\u00c9 C\u00c1DIZ - Tapizados Do\u00f1ana\" loading=\"lazy\" decoding=\"async\" width=\"2560\" height=\"1594\" src=\"https:\/\/www.grupotd.es\/wp-content\/uploads\/2018\/11\/Sofa-Blake-scaled.jpg\" class=\"attachment-full size-full wp-image-48832\"  alt=\"CANAP\u00c9 C\u00c1DIZ - Tapizados Do\u00f1ana\"  srcset=\"https:\/\/www.grupotd.es\/wp-content\/uploads\/2018\/11\/Sofa-Blake-scaled.jpg 2560w, https:\/\/www.grupotd.es\/wp-content\/uploads\/2018\/11\/Sofa-Blake-300x187.jpg 300w, https:\/\/www.grupotd.es\/wp-content\/uploads\/2018\/11\/Sofa-Blake-1024x638.jpg 1024w, https:\/\/www.grupotd.es\/wp-content\/uploads\/2018\/11\/Sofa-Blake-768x478.jpg 768w, https:\/\/www.grupotd.es\/wp-content\/uploads\/2018\/11\/Sofa-Blake-1536x956.jpg 1536w, https:\/\/www.grupotd.es\/wp-content\/uploads\/2018\/11\/Sofa-Blake-2048x1275.jpg 2048w\" sizes=\"(max-width: 2560px) 100vw, 2560px\" \/>\t\t\t\t\t\t\t\t<\/a>\n\t\t\t\t\t\t\t\t\t\t\t\t\t\t\t<\/div>\n\t\t\t\t<\/div>\n\t\t\t\t<div class=\"elementor-element elementor-element-66954ee elementor-widget elementor-widget-theme-post-title elementor-page-title elementor-widget-heading\" data-id=\"66954ee\" data-element_type=\"widget\" data-widget_type=\"theme-post-title.default\">\n\t\t\t\t<div class=\"elementor-widget-container\">\n\t\t\t\t\t<div class=\"elementor-heading-title elementor-size-default\"><a href=\"https:\/\/www.grupotd.es\/fr\/les-meubles\/sofa-blake\/\">CANAP\u00c9 BLAKE<\/a><\/div>\t\t\t\t<\/div>\n\t\t\t\t<\/div>\n\t\t<!-- dce invisible element 692aa6d -->\t\t\t<\/div>\n\t\t<\/div>\n\t\t\t\t\t<\/div>\n\t\t<\/section>\n\t\t\t\t<\/div>\n\t\t\t\t<div data-elementor-type=\"loop-item\" data-elementor-id=\"49231\" class=\"elementor elementor-49231 e-loop-item e-loop-item-28706 post-28706 muebles type-muebles status-publish has-post-thumbnail hentry category-sofas-fr\" data-elementor-settings=\"{&quot;ha_cmc_init_switcher&quot;:&quot;no&quot;}\" data-elementor-post-type=\"elementor_library\" data-custom-edit-handle=\"1\">\n\t\t\t\t\t<section class=\"elementor-section elementor-top-section elementor-element elementor-element-6b8f2aa elementor-section-boxed elementor-section-height-default elementor-section-height-default\" data-id=\"6b8f2aa\" data-element_type=\"section\">\n\t\t\t\t\t\t<div class=\"elementor-container elementor-column-gap-default\">\n\t\t\t\t\t<div class=\"elementor-column elementor-col-100 elementor-top-column elementor-element elementor-element-66f3b36\" data-id=\"66f3b36\" data-element_type=\"column\">\n\t\t\t<div class=\"elementor-widget-wrap elementor-element-populated\">\n\t\t\t\t\t\t<div class=\"elementor-element elementor-element-c2e646f elementor-widget elementor-widget-theme-post-featured-image elementor-widget-image\" data-id=\"c2e646f\" data-element_type=\"widget\" data-widget_type=\"theme-post-featured-image.default\">\n\t\t\t\t<div class=\"elementor-widget-container\">\n\t\t\t\t\t\t\t\t\t\t\t\t\t\t\t\t<a href=\"https:\/\/www.grupotd.es\/fr\/les-meubles\/canape-bolonia\/\">\n\t\t\t\t\t\t\t<img  title=\"CANAP\u00c9 C\u00c1DIZ - Tapizados Do\u00f1ana\" loading=\"lazy\" decoding=\"async\" width=\"2560\" height=\"1920\" src=\"https:\/\/www.grupotd.es\/wp-content\/uploads\/2022\/05\/Sofa-Bolonia-scaled.jpg\" class=\"attachment-full size-full wp-image-48835\"  alt=\"CANAP\u00c9 C\u00c1DIZ - Tapizados Do\u00f1ana\"  srcset=\"https:\/\/www.grupotd.es\/wp-content\/uploads\/2022\/05\/Sofa-Bolonia-scaled.jpg 2560w, https:\/\/www.grupotd.es\/wp-content\/uploads\/2022\/05\/Sofa-Bolonia-300x225.jpg 300w, https:\/\/www.grupotd.es\/wp-content\/uploads\/2022\/05\/Sofa-Bolonia-1024x768.jpg 1024w, https:\/\/www.grupotd.es\/wp-content\/uploads\/2022\/05\/Sofa-Bolonia-768x576.jpg 768w, https:\/\/www.grupotd.es\/wp-content\/uploads\/2022\/05\/Sofa-Bolonia-1536x1152.jpg 1536w, https:\/\/www.grupotd.es\/wp-content\/uploads\/2022\/05\/Sofa-Bolonia-2048x1536.jpg 2048w\" sizes=\"(max-width: 2560px) 100vw, 2560px\" \/>\t\t\t\t\t\t\t\t<\/a>\n\t\t\t\t\t\t\t\t\t\t\t\t\t\t\t<\/div>\n\t\t\t\t<\/div>\n\t\t\t\t<div class=\"elementor-element elementor-element-66954ee elementor-widget elementor-widget-theme-post-title elementor-page-title elementor-widget-heading\" data-id=\"66954ee\" data-element_type=\"widget\" data-widget_type=\"theme-post-title.default\">\n\t\t\t\t<div class=\"elementor-widget-container\">\n\t\t\t\t\t<div class=\"elementor-heading-title elementor-size-default\"><a href=\"https:\/\/www.grupotd.es\/fr\/les-meubles\/canape-bolonia\/\">canap\u00e9 bolonia<\/a><\/div>\t\t\t\t<\/div>\n\t\t\t\t<\/div>\n\t\t<!-- dce invisible element 692aa6d -->\t\t\t<\/div>\n\t\t<\/div>\n\t\t\t\t\t<\/div>\n\t\t<\/section>\n\t\t\t\t<\/div>\n\t\t\t\t<div data-elementor-type=\"loop-item\" data-elementor-id=\"49231\" class=\"elementor elementor-49231 e-loop-item e-loop-item-2118 post-2118 muebles type-muebles status-publish has-post-thumbnail hentry category-sofas-fr\" data-elementor-settings=\"{&quot;ha_cmc_init_switcher&quot;:&quot;no&quot;}\" data-elementor-post-type=\"elementor_library\" data-custom-edit-handle=\"1\">\n\t\t\t\t\t<section class=\"elementor-section elementor-top-section elementor-element elementor-element-6b8f2aa elementor-section-boxed elementor-section-height-default elementor-section-height-default\" data-id=\"6b8f2aa\" data-element_type=\"section\">\n\t\t\t\t\t\t<div class=\"elementor-container elementor-column-gap-default\">\n\t\t\t\t\t<div class=\"elementor-column elementor-col-100 elementor-top-column elementor-element elementor-element-66f3b36\" data-id=\"66f3b36\" data-element_type=\"column\">\n\t\t\t<div class=\"elementor-widget-wrap elementor-element-populated\">\n\t\t\t\t\t\t<div class=\"elementor-element elementor-element-c2e646f elementor-widget elementor-widget-theme-post-featured-image elementor-widget-image\" data-id=\"c2e646f\" data-element_type=\"widget\" data-widget_type=\"theme-post-featured-image.default\">\n\t\t\t\t<div class=\"elementor-widget-container\">\n\t\t\t\t\t\t\t\t\t\t\t\t\t\t\t\t<a href=\"https:\/\/www.grupotd.es\/fr\/les-meubles\/sofa-cadiz\/\">\n\t\t\t\t\t\t\t<img  title=\"CANAP\u00c9 C\u00c1DIZ - Tapizados Do\u00f1ana\" loading=\"lazy\" decoding=\"async\" width=\"2560\" height=\"1707\" src=\"https:\/\/www.grupotd.es\/wp-content\/uploads\/2018\/11\/Sofa-Cadiz-scaled.jpg\" class=\"attachment-full size-full wp-image-48838\"  alt=\"CANAP\u00c9 C\u00c1DIZ - Tapizados Do\u00f1ana\"  srcset=\"https:\/\/www.grupotd.es\/wp-content\/uploads\/2018\/11\/Sofa-Cadiz-scaled.jpg 2560w, https:\/\/www.grupotd.es\/wp-content\/uploads\/2018\/11\/Sofa-Cadiz-300x200.jpg 300w, https:\/\/www.grupotd.es\/wp-content\/uploads\/2018\/11\/Sofa-Cadiz-1024x683.jpg 1024w, https:\/\/www.grupotd.es\/wp-content\/uploads\/2018\/11\/Sofa-Cadiz-768x512.jpg 768w, https:\/\/www.grupotd.es\/wp-content\/uploads\/2018\/11\/Sofa-Cadiz-1536x1024.jpg 1536w, https:\/\/www.grupotd.es\/wp-content\/uploads\/2018\/11\/Sofa-Cadiz-2048x1365.jpg 2048w\" sizes=\"(max-width: 2560px) 100vw, 2560px\" \/>\t\t\t\t\t\t\t\t<\/a>\n\t\t\t\t\t\t\t\t\t\t\t\t\t\t\t<\/div>\n\t\t\t\t<\/div>\n\t\t\t\t<div class=\"elementor-element elementor-element-66954ee elementor-widget elementor-widget-theme-post-title elementor-page-title elementor-widget-heading\" data-id=\"66954ee\" data-element_type=\"widget\" data-widget_type=\"theme-post-title.default\">\n\t\t\t\t<div class=\"elementor-widget-container\">\n\t\t\t\t\t<div class=\"elementor-heading-title elementor-size-default\"><a href=\"https:\/\/www.grupotd.es\/fr\/les-meubles\/sofa-cadiz\/\">CANAP\u00c9 C\u00c1DIZ<\/a><\/div>\t\t\t\t<\/div>\n\t\t\t\t<\/div>\n\t\t<!-- dce invisible element 692aa6d -->\t\t\t<\/div>\n\t\t<\/div>\n\t\t\t\t\t<\/div>\n\t\t<\/section>\n\t\t\t\t<\/div>\n\t\t\t\t<\/div>\n\t\t\t\t\t<span class=\"e-load-more-spinner\">\n\t\t\t\t<i aria-hidden=\"true\" class=\"fas fa-spinner\"><\/i>\t\t\t<\/span>\n\t\t\n\t\t\t\t<div class=\"e-load-more-anchor\" data-page=\"1\" data-max-page=\"6\" data-next-page=\"https:\/\/www.grupotd.es\/fr\/wp-json\/wp\/v2\/pages\/1243\/page\/2\/\"><\/div>\n\t\t\t\t<div class=\"e-load-more-message\">No hay m\u00e1s productos para mostrar.<\/div>\n\t\t\t\t\t\t<\/div>\n\t\t\t\t<\/div>\n\t\t\t\t\t<\/div>\n\t\t<\/div>\n\t\t\t\t\t<\/div>\n\t\t<\/section>\n\t\t\t\t<section class=\"elementor-section elementor-top-section elementor-element elementor-element-7345379f elementor-section-boxed elementor-section-height-default elementor-section-height-default\" data-id=\"7345379f\" data-element_type=\"section\">\n\t\t\t\t\t\t<div class=\"elementor-container elementor-column-gap-default\">\n\t\t\t\t\t<div class=\"elementor-column elementor-col-33 elementor-top-column elementor-element elementor-element-339a7ea3\" data-id=\"339a7ea3\" data-element_type=\"column\">\n\t\t\t<div class=\"elementor-widget-wrap elementor-element-populated\">\n\t\t\t\t\t\t<div class=\"elementor-element elementor-element-516f6217 elementor-invisible elementor-widget elementor-widget-image\" data-id=\"516f6217\" data-element_type=\"widget\" data-settings=\"{&quot;_animation&quot;:&quot;fadeInLeft&quot;}\" data-widget_type=\"image.default\">\n\t\t\t\t<div class=\"elementor-widget-container\">\n\t\t\t\t\t\t\t\t\t\t\t\t\t\t\t<img  title=\"CANAP\u00c9 C\u00c1DIZ - Tapizados Do\u00f1ana\" loading=\"lazy\" decoding=\"async\" width=\"156\" height=\"65\" src=\"https:\/\/www.grupotd.es\/wp-content\/uploads\/2023\/11\/logo-sit.png\" class=\"attachment-full size-full wp-image-47547\"  alt=\"CANAP\u00c9 C\u00c1DIZ - Tapizados Do\u00f1ana\"  \/>\t\t\t\t\t\t\t\t\t\t\t\t\t\t\t<\/div>\n\t\t\t\t<\/div>\n\t\t\t\t\t<\/div>\n\t\t<\/div>\n\t\t\t\t<div class=\"elementor-column elementor-col-66 elementor-top-column elementor-element elementor-element-abf1e09\" data-id=\"abf1e09\" data-element_type=\"column\">\n\t\t\t<div class=\"elementor-widget-wrap elementor-element-populated\">\n\t\t\t\t\t\t<div class=\"elementor-element elementor-element-1818631d elementor-widget elementor-widget-text-editor\" data-id=\"1818631d\" data-element_type=\"widget\" data-widget_type=\"text-editor.default\">\n\t\t\t\t<div class=\"elementor-widget-container\">\n\t\t\t\t\t\t\t\t\t<p class=\"destacado\" style=\"line-height: 38.4px; color: #000000; text-transform: none;\"><span style=\"font-weight: bolder;\">Pourquoi ne pas disposer d\u2019un canap\u00e9 en fonction de vos besoins?\u00a0<\/span>Nous nous consacrons \u00e0 la\u00a0<span style=\"font-weight: bolder;\">fabrication de canap\u00e9s\u00a0<\/span>personnalisables pour toutes les entreprises qui le souhaitent.<\/p><p class=\"text\" style=\"color: #000000; font-size: 14px; text-transform: none;\">Nous conviendrons en soulignant que le mobilier vedette de tout espace partag\u00e9 est le canap\u00e9, qui est \u00e9galement l\u2019un de nos produits les plus demand\u00e9s.<\/p><p class=\"text\" style=\"color: #000000; font-size: 14px; text-transform: none;\">Nous avons un grand\u00a0<span style=\"font-weight: bolder;\">catalogue de canap\u00e9s fabriqu\u00e9s sur mesure\u00a0<\/span>et recouverts de notre marque\u00a0<span style=\"font-weight: bolder;\">SIT\u00a0<\/span>, dont les variantes ne sont pas seulement classiques, telles que les dimensions, les couleurs ou les mat\u00e9riaux avec lesquels Ils ont fabriqu\u00e9, mais nous offrons \u00e9galement de multiples options d\u2019accessoires \u00e0 inclure.<\/p>\t\t\t\t\t\t\t\t<\/div>\n\t\t\t\t<\/div>\n\t\t\t\t<div class=\"elementor-element elementor-element-9c63556 elementor-widget elementor-widget-toggle\" data-id=\"9c63556\" data-element_type=\"widget\" data-widget_type=\"toggle.default\">\n\t\t\t\t<div class=\"elementor-widget-container\">\n\t\t\t\t\t\t\t<div class=\"elementor-toggle\">\n\t\t\t\t\t\t\t<div class=\"elementor-toggle-item\">\n\t\t\t\t\t<div id=\"elementor-tab-title-1631\" class=\"elementor-tab-title\" data-tab=\"1\" role=\"button\" aria-controls=\"elementor-tab-content-1631\" aria-expanded=\"false\">\n\t\t\t\t\t\t\t\t\t\t\t\t<span class=\"elementor-toggle-icon elementor-toggle-icon-left\" aria-hidden=\"true\">\n\t\t\t\t\t\t\t\t\t\t\t\t\t\t\t<span class=\"elementor-toggle-icon-closed\"><i class=\"fas fa-caret-right\"><\/i><\/span>\n\t\t\t\t\t\t\t\t<span class=\"elementor-toggle-icon-opened\"><i class=\"elementor-toggle-icon-opened fas fa-caret-up\"><\/i><\/span>\n\t\t\t\t\t\t\t\t\t\t\t\t\t<\/span>\n\t\t\t\t\t\t\t\t\t\t\t\t<a class=\"elementor-toggle-title\" tabindex=\"0\">LIRE PLUS<\/a>\n\t\t\t\t\t<\/div>\n\n\t\t\t\t\t<div id=\"elementor-tab-content-1631\" class=\"elementor-tab-content elementor-clearfix\" data-tab=\"1\" role=\"region\" aria-labelledby=\"elementor-tab-title-1631\"><p class=\"texto\">Par exemple, nous donnons la possibilit\u00e9 d\u2019int\u00e9grer dans nos canap\u00e9s des<span>\u00a0<\/span><strong>chargeurs USB mobiles<span>\u00a0<\/span><\/strong>, tr\u00e8s utiles pour les zones de travail, les bureaux ou les salles publiques.<\/p><p class=\"texto\">Nous conservons des mod\u00e8les dot\u00e9s de<span>\u00a0<\/span><strong>lignes de conception traditionnelles<span>\u00a0<\/span><\/strong>, sans oublier les coupes plus<span>\u00a0<\/span><strong>audacieuses, avant-gardistes ou modernes<span>\u00a0<\/span><\/strong>. Les deux peuvent \u00eatre tr\u00e8s diff\u00e9rents l\u2019un de l\u2019autre, mais ils portent tous le sceau de la garantie du savoir-faire et de la qualit\u00e9 repr\u00e9sent\u00e9s par Tapizados Do\u00f1ana.<\/p><\/div>\n\t\t\t\t<\/div>\n\t\t\t\t\t\t\t\t<\/div>\n\t\t\t\t\t\t<\/div>\n\t\t\t\t<\/div>\n\t\t\t\t\t<\/div>\n\t\t<\/div>\n\t\t\t\t\t<\/div>\n\t\t<\/section>\n\t\t\t\t<section class=\"elementor-section elementor-top-section elementor-element elementor-element-26f4b2e9 elementor-section-full_width elementor-section-height-default elementor-section-height-default\" data-id=\"26f4b2e9\" data-element_type=\"section\">\n\t\t\t\t\t\t<div class=\"elementor-container elementor-column-gap-default\">\n\t\t\t\t\t<div class=\"elementor-column elementor-col-50 elementor-top-column elementor-element elementor-element-4386ffc2\" data-id=\"4386ffc2\" data-element_type=\"column\" data-settings=\"{&quot;background_background&quot;:&quot;classic&quot;}\">\n\t\t\t<div class=\"elementor-widget-wrap elementor-element-populated\">\n\t\t\t\t\t<div class=\"elementor-background-overlay\"><\/div>\n\t\t\t\t\t\t<div class=\"elementor-element elementor-element-631b8eb9 elementor-widget elementor-widget-heading\" data-id=\"631b8eb9\" data-element_type=\"widget\" data-widget_type=\"heading.default\">\n\t\t\t\t<div class=\"elementor-widget-container\">\n\t\t\t\t\t<h2 class=\"elementor-heading-title elementor-size-default\">CANAP\u00c9S REMBOURR\u00c9S PERSONNALISABLES, ADAPT\u00c9S \u00c0 TOUS LES ENVIRONNEMENTS<\/h2>\t\t\t\t<\/div>\n\t\t\t\t<\/div>\n\t\t\t\t\t<\/div>\n\t\t<\/div>\n\t\t\t\t<div class=\"elementor-column elementor-col-50 elementor-top-column elementor-element elementor-element-56a3d906\" data-id=\"56a3d906\" data-element_type=\"column\" data-settings=\"{&quot;background_background&quot;:&quot;classic&quot;}\">\n\t\t\t<div class=\"elementor-widget-wrap elementor-element-populated\">\n\t\t\t\t\t\t<div class=\"elementor-element elementor-element-7049c11f elementor-widget elementor-widget-text-editor\" data-id=\"7049c11f\" data-element_type=\"widget\" data-widget_type=\"text-editor.default\">\n\t\t\t\t<div class=\"elementor-widget-container\">\n\t\t\t\t\t\t\t\t\t<p class=\"texto\">Ensuite, nous allons vous montrer quelques variantes de canap\u00e9s de notre catalogue actuel, vous permettant de choisir le meuble qui ressemble le plus \u00e0 vos caract\u00e9ristiques.<\/p><ul><li><b>Canap\u00e9 de style classique<\/b><\/li><li><b>Canap\u00e9 de style moderne ou avant-gardiste<\/b><\/li><li><b>Canap\u00e9 Chester<\/b><\/li><li><b>Canap\u00e9 canap\u00e9<\/b><\/li><li><b>Canap\u00e9 polyvalent: canap\u00e9s-lits<\/b><\/li><\/ul>\t\t\t\t\t\t\t\t<\/div>\n\t\t\t\t<\/div>\n\t\t\t\t<div class=\"elementor-element elementor-element-56a66949 elementor-widget elementor-widget-button\" data-id=\"56a66949\" data-element_type=\"widget\" data-widget_type=\"button.default\">\n\t\t\t\t<div class=\"elementor-widget-container\">\n\t\t\t\t\t\t\t\t\t<div class=\"elementor-button-wrapper\">\n\t\t\t\t\t<a class=\"elementor-button elementor-button-link elementor-size-sm elementor-animation-grow\" href=\"https:\/\/www.grupotd.es\/fr\/catalogue-tapizados-donana\/\">\n\t\t\t\t\t\t<span class=\"elementor-button-content-wrapper\">\n\t\t\t\t\t\t<span class=\"elementor-button-icon\">\n\t\t\t\t<i aria-hidden=\"true\" class=\"hm hm-pdf1\"><\/i>\t\t\t<\/span>\n\t\t\t\t\t\t\t\t\t<span class=\"elementor-button-text\">CONSULTER LE CATALOGUE<\/span>\n\t\t\t\t\t<\/span>\n\t\t\t\t\t<\/a>\n\t\t\t\t<\/div>\n\t\t\t\t\t\t\t\t<\/div>\n\t\t\t\t<\/div>\n\t\t\t\t\t<\/div>\n\t\t<\/div>\n\t\t\t\t\t<\/div>\n\t\t<\/section>\n\t\t\t\t<section class=\"elementor-section elementor-top-section elementor-element elementor-element-24449f72 elementor-section-boxed elementor-section-height-default elementor-section-height-default\" data-id=\"24449f72\" data-element_type=\"section\">\n\t\t\t\t\t\t<div class=\"elementor-container elementor-column-gap-default\">\n\t\t\t\t\t<div class=\"elementor-column elementor-col-50 elementor-top-column elementor-element elementor-element-1097d64d\" data-id=\"1097d64d\" data-element_type=\"column\">\n\t\t\t<div class=\"elementor-widget-wrap elementor-element-populated\">\n\t\t\t\t\t\t<div class=\"elementor-element elementor-element-5b783083 elementor-widget elementor-widget-toggle\" data-id=\"5b783083\" data-element_type=\"widget\" data-widget_type=\"toggle.default\">\n\t\t\t\t<div class=\"elementor-widget-container\">\n\t\t\t\t\t\t\t<div class=\"elementor-toggle\">\n\t\t\t\t\t\t\t<div class=\"elementor-toggle-item\">\n\t\t\t\t\t<div id=\"elementor-tab-title-1531\" class=\"elementor-tab-title\" data-tab=\"1\" role=\"button\" aria-controls=\"elementor-tab-content-1531\" aria-expanded=\"false\">\n\t\t\t\t\t\t\t\t\t\t\t\t<span class=\"elementor-toggle-icon elementor-toggle-icon-left\" aria-hidden=\"true\">\n\t\t\t\t\t\t\t\t\t\t\t\t\t\t\t<span class=\"elementor-toggle-icon-closed\"><i class=\"fas fa-caret-right\"><\/i><\/span>\n\t\t\t\t\t\t\t\t<span class=\"elementor-toggle-icon-opened\"><i class=\"elementor-toggle-icon-opened fas fa-caret-up\"><\/i><\/span>\n\t\t\t\t\t\t\t\t\t\t\t\t\t<\/span>\n\t\t\t\t\t\t\t\t\t\t\t\t<a class=\"elementor-toggle-title\" tabindex=\"0\">CANAP\u00c9 DE STYLE CLASSIQUE<\/a>\n\t\t\t\t\t<\/div>\n\n\t\t\t\t\t<div id=\"elementor-tab-content-1531\" class=\"elementor-tab-content elementor-clearfix\" data-tab=\"1\" role=\"region\" aria-labelledby=\"elementor-tab-title-1531\"><span>L\u2019un des mod\u00e8les les plus repr\u00e9sentatifs est le mod\u00e8le\u00a0<\/span><strong>Badajoz<span>\u00a0<\/span><\/strong><span>, mais il ne s\u2019agit que d\u2019un parmi beaucoup d\u2019autres. C\u2019est un canap\u00e9 qui pr\u00e9sente des lignes simples et \u00e9l\u00e9gantes qui se combinent avec n\u2019importe quel style d\u00e9coratif. En plus, il est s\u00e9rieux et sobre.<\/span><\/div>\n\t\t\t\t<\/div>\n\t\t\t\t\t\t\t<div class=\"elementor-toggle-item\">\n\t\t\t\t\t<div id=\"elementor-tab-title-1532\" class=\"elementor-tab-title\" data-tab=\"2\" role=\"button\" aria-controls=\"elementor-tab-content-1532\" aria-expanded=\"false\">\n\t\t\t\t\t\t\t\t\t\t\t\t<span class=\"elementor-toggle-icon elementor-toggle-icon-left\" aria-hidden=\"true\">\n\t\t\t\t\t\t\t\t\t\t\t\t\t\t\t<span class=\"elementor-toggle-icon-closed\"><i class=\"fas fa-caret-right\"><\/i><\/span>\n\t\t\t\t\t\t\t\t<span class=\"elementor-toggle-icon-opened\"><i class=\"elementor-toggle-icon-opened fas fa-caret-up\"><\/i><\/span>\n\t\t\t\t\t\t\t\t\t\t\t\t\t<\/span>\n\t\t\t\t\t\t\t\t\t\t\t\t<a class=\"elementor-toggle-title\" tabindex=\"0\">CANAP\u00c9 DE STYLE MODERNE OU AVANT-GARDISTE<\/a>\n\t\t\t\t\t<\/div>\n\n\t\t\t\t\t<div id=\"elementor-tab-content-1532\" class=\"elementor-tab-content elementor-clearfix\" data-tab=\"2\" role=\"region\" aria-labelledby=\"elementor-tab-title-1532\"><p class=\"texto\">Pour les occasions o\u00f9 le client a besoin de cr\u00e9er une atmosph\u00e8re avec son propre style et diff\u00e9rent, nous avons des canap\u00e9s dont le design sera d\u00e9fini par les derni\u00e8res tendances en mati\u00e8re de d\u00e9coration.<\/p><p class=\"texto\">Ces styles de coupe plus risqu\u00e9s, tels que les mod\u00e8les<span>\u00a0<\/span><strong>minimaliste, avant-gardiste ou moderne<span>\u00a0<\/span><\/strong>, sont parfaitement combinables avec d\u2019autres meubles qui suivent une ligne<span>\u00a0<\/span><strong>vintage ou r\u00e9tro<span>\u00a0<\/span><\/strong>. Ainsi, nous pr\u00e9sentons des canap\u00e9s tels que<span>\u00a0<\/span><strong>New York et Jakarta<span>\u00a0<\/span><\/strong>, avec lesquels vous pouvez donner la touche souhait\u00e9e.<\/p><p class=\"texto\">Les mod\u00e8les<span>\u00a0<\/span><strong>Crete ou Basel<span>\u00a0<\/span><\/strong>sont d\u2019autres canap\u00e9s rembourr\u00e9s personnalisables, qui conservent ce style mais qui diff\u00e8rent, par exemple, dans les pieds.<\/p><\/div>\n\t\t\t\t<\/div>\n\t\t\t\t\t\t\t<div class=\"elementor-toggle-item\">\n\t\t\t\t\t<div id=\"elementor-tab-title-1533\" class=\"elementor-tab-title\" data-tab=\"3\" role=\"button\" aria-controls=\"elementor-tab-content-1533\" aria-expanded=\"false\">\n\t\t\t\t\t\t\t\t\t\t\t\t<span class=\"elementor-toggle-icon elementor-toggle-icon-left\" aria-hidden=\"true\">\n\t\t\t\t\t\t\t\t\t\t\t\t\t\t\t<span class=\"elementor-toggle-icon-closed\"><i class=\"fas fa-caret-right\"><\/i><\/span>\n\t\t\t\t\t\t\t\t<span class=\"elementor-toggle-icon-opened\"><i class=\"elementor-toggle-icon-opened fas fa-caret-up\"><\/i><\/span>\n\t\t\t\t\t\t\t\t\t\t\t\t\t<\/span>\n\t\t\t\t\t\t\t\t\t\t\t\t<a class=\"elementor-toggle-title\" tabindex=\"0\">CANAP\u00c9 CHESTER<\/a>\n\t\t\t\t\t<\/div>\n\n\t\t\t\t\t<div id=\"elementor-tab-content-1533\" class=\"elementor-tab-content elementor-clearfix\" data-tab=\"3\" role=\"region\" aria-labelledby=\"elementor-tab-title-1533\"><p class=\"texto\">Une de nos sp\u00e9cialit\u00e9s est la fabrication de canap\u00e9s personnalisables<span>\u00a0<\/span><strong>r\u00e9tro<span>\u00a0<\/span><\/strong>, connus sous le nom de Chester. Celles-ci ont un<span>\u00a0<\/span><strong>air marqu\u00e9 des \u00eeles britanniques<span>\u00a0<\/span><\/strong>, se sont transform\u00e9s en un service de conversation dans des clubs sociaux distingu\u00e9s qui fr\u00e9quentaient autrefois les hommes d\u2019affaires, les \u201cgentlemen\u201d. Ce sont des canap\u00e9s tr\u00e8s r\u00e9sistants, recouverts de la garantie ch\u00e9rie de Tapizados Do\u00f1ana.<\/p><p class=\"texto\">We have also Canap\u00e9s Allied in diff\u00e9rents mat\u00e9riaux et avec un nom de si\u00e8ges ou de dimensions diff\u00e9rentes. Un<span>\u00a0<\/span><strong>mod\u00e8le<span>\u00a0<\/span><\/strong>tr\u00e8s pris\u00e9 est<span>\u00a0<\/span><strong>Paris<span>\u00a0<\/span><\/strong>, qui conserve la classe import\u00e9e de Royaume-Uni. Une autre option est le<span>\u00a0<\/span><strong>Terry<span>\u00a0<\/span><\/strong>, un classique valable dans toutes les salles d\u2019attente.<\/p><\/div>\n\t\t\t\t<\/div>\n\t\t\t\t\t\t\t\t<\/div>\n\t\t\t\t\t\t<\/div>\n\t\t\t\t<\/div>\n\t\t\t\t\t<\/div>\n\t\t<\/div>\n\t\t\t\t<div class=\"elementor-column elementor-col-50 elementor-top-column elementor-element elementor-element-bf3ed4b\" data-id=\"bf3ed4b\" data-element_type=\"column\">\n\t\t\t<div class=\"elementor-widget-wrap elementor-element-populated\">\n\t\t\t\t\t\t<div class=\"elementor-element elementor-element-86815f1 elementor-widget elementor-widget-toggle\" data-id=\"86815f1\" data-element_type=\"widget\" data-widget_type=\"toggle.default\">\n\t\t\t\t<div class=\"elementor-widget-container\">\n\t\t\t\t\t\t\t<div class=\"elementor-toggle\">\n\t\t\t\t\t\t\t<div class=\"elementor-toggle-item\">\n\t\t\t\t\t<div id=\"elementor-tab-title-1411\" class=\"elementor-tab-title\" data-tab=\"1\" role=\"button\" aria-controls=\"elementor-tab-content-1411\" aria-expanded=\"false\">\n\t\t\t\t\t\t\t\t\t\t\t\t<span class=\"elementor-toggle-icon elementor-toggle-icon-left\" aria-hidden=\"true\">\n\t\t\t\t\t\t\t\t\t\t\t\t\t\t\t<span class=\"elementor-toggle-icon-closed\"><i class=\"fas fa-caret-right\"><\/i><\/span>\n\t\t\t\t\t\t\t\t<span class=\"elementor-toggle-icon-opened\"><i class=\"elementor-toggle-icon-opened fas fa-caret-up\"><\/i><\/span>\n\t\t\t\t\t\t\t\t\t\t\t\t\t<\/span>\n\t\t\t\t\t\t\t\t\t\t\t\t<a class=\"elementor-toggle-title\" tabindex=\"0\">CANAP\u00c9 CANAP\u00c9<\/a>\n\t\t\t\t\t<\/div>\n\n\t\t\t\t\t<div id=\"elementor-tab-content-1411\" class=\"elementor-tab-content elementor-clearfix\" data-tab=\"1\" role=\"region\" aria-labelledby=\"elementor-tab-title-1411\"><p class=\"texto\">Lorsque l\u2019on pense \u00e0 ce type de canap\u00e9, le canap\u00e9, il est naturel de penser \u00e0 la consultation d\u2019un psychologue, o\u00f9 le patient peut passer des heures \u00e0 expliquer des aspects de sa vie au professionnel de la compr\u00e9hension humaine. Mais ils ont servi dans toutes sortes de situations, qu\u2019ils fassent partie de lieux publics, tels que des caf\u00e9s et des h\u00f4tels de luxe, ou dans des espaces de travail orient\u00e9s vers la r\u00e9flexion.<\/p><p class=\"texto\">C\u2019est une solution id\u00e9ale pour les petits espaces, tels que les petits bureaux ou les lieux de repos. Certains des mod\u00e8les les plus demand\u00e9s, consultables dans notre catalogue, sont le style<span>\u00a0<\/span><strong>Drammen<span>\u00a0<\/span><\/strong>\u00e0 l\u2019avant-garde ou le canap\u00e9<span>\u00a0<\/span><strong>Moscou<span>\u00a0<\/span><\/strong>, dont les lignes de conception sont si simples qu\u2019elles pourraient s\u2019int\u00e8gre dans n\u2019importe quel style d\u00e9coratif.<\/p><\/div>\n\t\t\t\t<\/div>\n\t\t\t\t\t\t\t<div class=\"elementor-toggle-item\">\n\t\t\t\t\t<div id=\"elementor-tab-title-1412\" class=\"elementor-tab-title\" data-tab=\"2\" role=\"button\" aria-controls=\"elementor-tab-content-1412\" aria-expanded=\"false\">\n\t\t\t\t\t\t\t\t\t\t\t\t<span class=\"elementor-toggle-icon elementor-toggle-icon-left\" aria-hidden=\"true\">\n\t\t\t\t\t\t\t\t\t\t\t\t\t\t\t<span class=\"elementor-toggle-icon-closed\"><i class=\"fas fa-caret-right\"><\/i><\/span>\n\t\t\t\t\t\t\t\t<span class=\"elementor-toggle-icon-opened\"><i class=\"elementor-toggle-icon-opened fas fa-caret-up\"><\/i><\/span>\n\t\t\t\t\t\t\t\t\t\t\t\t\t<\/span>\n\t\t\t\t\t\t\t\t\t\t\t\t<a class=\"elementor-toggle-title\" tabindex=\"0\">CANAP\u00c9 POLYVALENT: CANAP\u00c9S-LITS<\/a>\n\t\t\t\t\t<\/div>\n\n\t\t\t\t\t<div id=\"elementor-tab-content-1412\" class=\"elementor-tab-content elementor-clearfix\" data-tab=\"2\" role=\"region\" aria-labelledby=\"elementor-tab-title-1412\"><p class=\"texto\">Qui n\u2019a jamais s\u00e9journ\u00e9 dans un h\u00f4tel et a d\u00fb demander un lit suppl\u00e9mentaire?<\/p>\n<p class=\"texto\">Pour ces occasions, il est toujours conseill\u00e9 d\u2019avoir un canap\u00e9 fabriqu\u00e9 avec<span>&nbsp;<\/span><strong>les meilleurs mat\u00e9riaux et avec un rembourrage optimal<span>&nbsp;<\/span><\/strong>, pouvant \u00eatre utilis\u00e9 d\u2019une part comme canap\u00e9 classique, mais aussi \u00e0 un moment sporadique. avoir la fonctionnalit\u00e9 de permettre au repos placidement.<\/p>\n<p class=\"texto\">Au Tapizados Do\u00f1ana, nous avons un bon nombre d\u2019options<span>&nbsp;<\/span><strong>de canap\u00e9s-lits<span>&nbsp;<\/span><\/strong>, qui r\u00e9pondent \u00e0 ces caract\u00e9ristiques et dont l\u2019ouverture est vari\u00e9e.<\/p>\n<p class=\"texto\">\u00c0 l\u2019int\u00e9rieur des<span>&nbsp;<\/span><strong>canap\u00e9s-lits d\u2019ouverture italienne<span>&nbsp;<\/span><\/strong>, il faut souligner le mod\u00e8le<span>&nbsp;<\/span><strong>Toronto<span>&nbsp;<\/span><\/strong>, un canap\u00e9 simple et sobre qui, malgr\u00e9 le fait de garder un lit entier \u00e0 l\u2019int\u00e9rieur, occuperait un petit espace.<\/p>\n<p class=\"texto\">Suivant une ligne de design nordique et une<span>&nbsp;<\/span><strong>ouverture de tiroir<span>&nbsp;<\/span><\/strong>, vous trouverez le mod\u00e8le<span>&nbsp;<\/span><strong>Biarritz, un canap\u00e9 convertible de la mani\u00e8re la plus simple.<\/strong><\/p>\n<p class=\"texto\">Mais ce n\u2019est pas tout, vous pouvez toujours rechercher le canap\u00e9 dont vous avez besoin dans notre catalogue ou nous contacter directement. Nous sommes \u00e0 votre disposition.<\/p><\/div>\n\t\t\t\t<\/div>\n\t\t\t\t\t\t\t\t<\/div>\n\t\t\t\t\t\t<\/div>\n\t\t\t\t<\/div>\n\t\t\t\t\t<\/div>\n\t\t<\/div>\n\t\t\t\t\t<\/div>\n\t\t<\/section>\n\t\t\t\t<\/div>\n\t\t","protected":false},"excerpt":{"rendered":"<p>CANAP\u00c9S, BANCS, CANAP\u00c9S-LITS, CHAISE LONGUES, M\u00c9RIDIENNES Pourquoi ne pas disposer d\u2019un canap\u00e9 en fonction de vos besoins?\u00a0Nous nous consacrons \u00e0 la\u00a0fabrication de canap\u00e9s\u00a0personnalisables pour toutes les entreprises qui le souhaitent.Nous conviendrons en soulignant que le mobilier vedette de tout espace partag\u00e9 est le canap\u00e9, qui est \u00e9galement l\u2019un de nos produits les plus demand\u00e9s.Nous avons [&#8230;]<\/p>\n<p><a class=\"btn btn-secondary understrap-read-more-link\" href=\"https:\/\/www.grupotd.es\/fr\/les-meubles\/sofa-cadiz\/\">Lire la suite\u2026<span class=\"screen-reader-text\"> from CANAP\u00c9 C\u00c1DIZ<\/span><\/a><\/p>\n","protected":false},"author":4,"featured_media":0,"parent":8,"menu_order":0,"comment_status":"closed","ping_status":"closed","template":"page-templates\/empty.php","meta":{"_acf_changed":false,"_seopress_robots_primary_cat":"0","_seopress_titles_title":"Fabrication de canap\u00e9s rembourr\u00e9s sur mesure - Conception de canap\u00e9s rembourr\u00e9s","_seopress_titles_desc":"Nous nous engageons \u00e0 offrir \u00e0 nos clients la meilleure qualit\u00e9 de notre gamme de produits et \u00e0 garantir le meilleur service sur le march\u00e9. Canap\u00e9s rembourr\u00e9s. Nous fournissons la meilleure garantie sur tous nos produits. Acc\u00e9dez \u00e0 notre site Web maintenant! Fabrication de canap\u00e9s rembourr\u00e9s sur mesure","_seopress_robots_index":"","footnotes":""},"class_list":["post-1243","page","type-page","status-publish","hentry"],"acf":[],"_links":{"self":[{"href":"https:\/\/www.grupotd.es\/fr\/wp-json\/wp\/v2\/pages\/1243","targetHints":{"allow":["GET"]}}],"collection":[{"href":"https:\/\/www.grupotd.es\/fr\/wp-json\/wp\/v2\/pages"}],"about":[{"href":"https:\/\/www.grupotd.es\/fr\/wp-json\/wp\/v2\/types\/page"}],"author":[{"embeddable":true,"href":"https:\/\/www.grupotd.es\/fr\/wp-json\/wp\/v2\/users\/4"}],"replies":[{"embeddable":true,"href":"https:\/\/www.grupotd.es\/fr\/wp-json\/wp\/v2\/comments?post=1243"}],"version-history":[{"count":5,"href":"https:\/\/www.grupotd.es\/fr\/wp-json\/wp\/v2\/pages\/1243\/revisions"}],"predecessor-version":[{"id":49880,"href":"https:\/\/www.grupotd.es\/fr\/wp-json\/wp\/v2\/pages\/1243\/revisions\/49880"}],"up":[{"embeddable":true,"href":"https:\/\/www.grupotd.es\/fr\/wp-json\/wp\/v2\/pages\/8"}],"wp:attachment":[{"href":"https:\/\/www.grupotd.es\/fr\/wp-json\/wp\/v2\/media?parent=1243"}],"curies":[{"name":"wp","href":"https:\/\/api.w.org\/{rel}","templated":true}]}}